{"id":1724,"date":"2022-02-04T15:58:23","date_gmt":"2022-02-04T15:58:23","guid":{"rendered":"https:\/\/alfarerosdejuanatrigo.com\/aviso-legal\/"},"modified":"2022-02-04T16:01:15","modified_gmt":"2022-02-04T16:01:15","slug":"aviso-legal","status":"publish","type":"page","link":"https:\/\/alfarerosdejuanatrigo.com\/fr\/aviso-legal\/","title":{"rendered":"(fr) Aviso Legal"},"content":{"rendered":"<p>Titularidad y propiedad intelectual.<\/p>\n<p>Alfareros de Juana Trigo, empresa cuyo domicilio fiscal y sede central se encuentra en Bail\u00e9n (C.P. 23710), Ja\u00e9n, Espa\u00f1a, en el Pol\u00edgono industrial Valderrepisos, C\/Escipi\u00f3n, S\/N y con C.I.F. B-26219620, es la titular y responsable del sitio web www.alfarerosdejuanatrigo.com.<\/p>\n<p>La empresa ostenta todos los derechos sobre el contenido, dise\u00f1o y c\u00f3digo fuente de esta p\u00e1gina Web y, en especial, con car\u00e1cter enunciativo, pero no limitativo, sobre las fotograf\u00edas, im\u00e1genes, textos, logos, dise\u00f1os, marcas, nombres comerciales y datos que se incluyen en la Web. Dichos contenidos se encentran protegidos por la legislaci\u00f3n vigente espa\u00f1ola e internacional relativa a la propiedad intelectual e industrial. De tal forma, el contenido de esta web tiene la consideraci\u00f3n de programa inform\u00e1tico, y, por tanto, le resulta tambi\u00e9n de aplicaci\u00f3n toda la normativa espa\u00f1ola comunitaria y europea vigente en la materia.<\/p>\n<p>Queda expresamente prohibida la reproducci\u00f3n total o parcial de esta web y de sus contenidos sin nuestro permiso expreso y por escrito, al igual que la copia, reproducci\u00f3n, adaptaci\u00f3n, modificaci\u00f3n, distribuci\u00f3n, comercializaci\u00f3n, comunicaci\u00f3n p\u00fablica y\/o internaciones en materia de propiedad intelectual y\/o industrial, as\u00ed como el uso de los contenidos de esta web si no es con la autorizaci\u00f3n expresa y por escrito de la empresa.<\/p>\n<p>Solo se autoriza el uso de los contenidos del sitio web con fin informativo o de servicio, siempre y cuando se cite o se haga referencia a la fuente, siendo el usuario el \u00fanico responsable del uso err\u00f3neo de los mismos.<\/p>\n<p>Nuestra web, acceso y estancia, contenidos.<\/p>\n<p>Una vez los Clientes\/Usuarios accedan al sitio web www.alfarerosdejuanatrigo.com ser\u00e1n responsables de su propia conducta en el momento de navegar en ella o acceder a la informaci\u00f3n de la web, as\u00ed como despu\u00e9s de haber accedido. En consecuencia,\u00a0 los Usuarios\/Clientes ser\u00e1n los \u00fanicos responsables ante la empresa y terceros de:<\/p>\n<p>Las posibles consecuencias que puedan derivar de un uso con fines il\u00edcitos o que contrar\u00eden a dicho documento de cualquier contenido del sitio web, bien sea elaborado por la empresa o no, publicado o no bajo su nombre de forma oficial.<br \/>\nLas posibles consecuencias que puedan derivar de un uso contrario al contenido de dicho contenido o que sea lesivo para con los intereses o derechos de terceros, o que pueda da\u00f1ar o entorpecer la experiencia web o los servicios de la misma al resto de los usuarios.<br \/>\nAlfareros de Juana Trigo se reserva el derecho a actualizar, eliminar, limitarlo o impedir el acceso a los contenidos cuando lo considere oportuno, adem\u00e1s de denegar el acceso a este sitio web a todo aquel Cliente\/Usuario que haga un mal uso o que incumpla con lo redactado en el presente documento.<\/p>\n<p>Por consiguiente, informamos que la empresa no garantiza que el acceso a la Web y\/o a las webs de enlace sea interrumpido o se encuentre libre de error, as\u00ed como que el contenido del software al que se accede tras la web o webs de enlacen no contengan error, virus inform\u00e1tico u elementos contenidos que puedan producir alteraciones en sus sistema o ficheros\/documentos o cualquier otro tipo de da\u00f1o.<\/p>\n<p>Alfareros d Juana Trigo informa tambi\u00e9n de que sus contenidos son tambi\u00e9n divulgativos y orientadores, tanto con relaci\u00f3n a su finalidad como a sus efectos, por lo que no garantizamos la exactitud de la informaci\u00f3n contenida en www.alfarerosdejuanatrigo.com o su blog, y por tanto no asume responsabilidad ante perjuicios o incomodidades que puedan ser causadas a los usuarios, derivadas de alg\u00fan fallo informativo.<\/p>\n<p>Tal y como se especifica en la Web, la gran mayor\u00eda de los productos que ofrecemos al p\u00fablico est\u00e1n hechos a manos y, por tanto, son inexactos, pudiendo variar m\u00ednimamente su forma, dimensiones o peso al tratarse de un producto totalmente artesanal y que, por tanto, ni nuestra empresa ni ninguna otra, posee un control absoluto sobre la producci\u00f3n como s\u00ed lo tendr\u00eda una empresa que produjese en serie o en masa.<\/p>\n<p>Por \u00faltimo, se enumerar\u00e1 una serie de situaciones\/efectos ante los cuales Alfareros de Juana Trigo no asumir\u00e1 ninguna responsabilidad derivada, a t\u00edtulo enunciativo, pero no limitativo de:<\/p>\n<p>Problemas o da\u00f1os derivados de fallos en el funcionamiento de las herramientas de b\u00fasqueda o acceso a la Web, o de errores que se generen en el caso de que el usuario o cliente instrumentalice un programa para facilitar el uso de la web.<br \/>\nAlfareros de Juana Trigo no asumir\u00e1 responsabilidad en el caso de que un menor de edad acceda a los contenidos del sitio web o que adquiera alguno de ellos, siendo la responsabilidad de sus padres o tutores legales.<br \/>\nLa empresa no se har\u00e1 responsable de los di\u00e1logos que puedan provocar disputas o enfrentamiento entre usuarios o colectivos generados en foros, chats o comunidades virtuales existentes en torno a nuestro sitio Web o marca.<br \/>\nDe los actos u omisiones de terceros, independientemente de que ellos est\u00e9n o no unidos a la empresa por v\u00eda contractual.<br \/>\nDe los contenidos a los cuales puedan acceder clientes o usuarios mediante enlaces que se incluyan en nuestra web, sean o no estos autorizados.<br \/>\nDel mal uso que clientes o usuarios hagan de los contenidos de este sitio Web, en el caso de que infrinjan la ley, Alfareros de Juana Trigo no asumir\u00e1 responsabilidad alguna.<br \/>\nAlfareros de Juana Trigo, bajo ning\u00fan concepto adquirir\u00e1 responsabilidad en los siguientes casos:<\/p>\n<p>Da\u00f1os en el sitio Web producidos por un uso err\u00f3neo o mal intencionado por parte del cliente.<br \/>\nDe fallos, errores o retrasos en las comunicaciones, acceso, formulario de clientes, imposibilidad de recepci\u00f3n de confirmaci\u00f3n de pedido, fallo o borrado de transmisiones o cualquier problema a\u00f1adido que se derive directamente de un fallo en la red, causas fortuitas o de fuerza mayor, as\u00ed como de un uso err\u00f3neo o malintencionado de un cliente o usuario. Del mismo modo, la empresa aclara que no se garantiza que los servicios del sitio Web est\u00e9n constantemente operativos, sin embargo, la empresa se compromete a solucionar los problemas que puedan surgir y a ofrecer todo el apoyo que se encuentre en nuestra mano para que el cliente pueda encontrar una soluci\u00f3n en la mayor brevedad posible.<br \/>\nAlfareros de Juana Trigo tiene derecho a modificar elementos por motivos oportunos dentro del sitio web que puedan alterar o entorpecer la navegaci\u00f3n del cliente o usuario, avisando siempre con antelaci\u00f3n al usuario a trav\u00e9s de redes sociales, foros o comunidades.<br \/>\nSi se detecta durante una campa\u00f1a promocional un abuso o comportamiento poco \u00e9tico de alg\u00fan participante, ya sea usuario o cliente, se podr\u00e1 proceder a la exclusi\u00f3n del mismo.<\/p>\n","protected":false},"excerpt":{"rendered":"<p>Titularidad y propiedad intelectual. Alfareros de Juana Trigo, empresa cuyo domicilio fiscal y sede central se encuentra en Bail\u00e9n (C.P. 23710), Ja\u00e9n, Espa\u00f1a, en el Pol\u00edgono industrial Valderrepisos, C\/Escipi\u00f3n, S\/N y con C.I.F. B-26219620, es la titular y responsable del sitio web www.alfarerosdejuanatrigo.com. La empresa ostenta todos los derechos sobre el contenido, dise\u00f1o y c\u00f3digo [&#8230;]\n","protected":false},"author":1,"featured_media":0,"parent":0,"menu_order":0,"comment_status":"closed","ping_status":"closed","template":"","meta":{"_joinchat":[],"footnotes":""},"class_list":["post-1724","page","type-page","status-publish","hentry"],"yoast_head":"<!-- This site is optimized with the Yoast SEO plugin v23.0 - https:\/\/yoast.com\/wordpress\/plugins\/seo\/ -->\n<title>(fr) Aviso Legal - Alfareros de Juana Trigo<\/title>\n<meta name=\"robots\" content=\"index, follow, max-snippet:-1, max-image-preview:large, max-video-preview:-1\" \/>\n<link rel=\"canonical\" href=\"https:\/\/alfarerosdejuanatrigo.com\/fr\/aviso-legal\/\" \/>\n<meta property=\"og:locale\" content=\"fr_FR\" \/>\n<meta property=\"og:type\" content=\"article\" \/>\n<meta property=\"og:title\" content=\"(fr) Aviso Legal - Alfareros de Juana Trigo\" \/>\n<meta property=\"og:description\" content=\"Titularidad y propiedad intelectual. Alfareros de Juana Trigo, empresa cuyo domicilio fiscal y sede central se encuentra en Bail\u00e9n (C.P. 23710), Ja\u00e9n, Espa\u00f1a, en el Pol\u00edgono industrial Valderrepisos, C\/Escipi\u00f3n, S\/N y con C.I.F. B-26219620, es la titular y responsable del sitio web www.alfarerosdejuanatrigo.com. La empresa ostenta todos los derechos sobre el contenido, dise\u00f1o y c\u00f3digo [...]\" \/>\n<meta property=\"og:url\" content=\"https:\/\/alfarerosdejuanatrigo.com\/fr\/aviso-legal\/\" \/>\n<meta property=\"og:site_name\" content=\"Alfareros de Juana Trigo\" \/>\n<meta property=\"article:modified_time\" content=\"2022-02-04T16:01:15+00:00\" \/>\n<meta name=\"twitter:card\" content=\"summary_large_image\" \/>\n<script type=\"application\/ld+json\" class=\"yoast-schema-graph\">{\"@context\":\"https:\/\/schema.org\",\"@graph\":[{\"@type\":\"WebPage\",\"@id\":\"https:\/\/alfarerosdejuanatrigo.com\/fr\/aviso-legal\/\",\"url\":\"https:\/\/alfarerosdejuanatrigo.com\/fr\/aviso-legal\/\",\"name\":\"(fr) Aviso Legal - Alfareros de Juana Trigo\",\"isPartOf\":{\"@id\":\"https:\/\/alfarerosdejuanatrigo.com\/#website\"},\"datePublished\":\"2022-02-04T15:58:23+00:00\",\"dateModified\":\"2022-02-04T16:01:15+00:00\",\"breadcrumb\":{\"@id\":\"https:\/\/alfarerosdejuanatrigo.com\/fr\/aviso-legal\/#breadcrumb\"},\"inLanguage\":\"fr-FR\",\"potentialAction\":[{\"@type\":\"ReadAction\",\"target\":[\"https:\/\/alfarerosdejuanatrigo.com\/fr\/aviso-legal\/\"]}]},{\"@type\":\"BreadcrumbList\",\"@id\":\"https:\/\/alfarerosdejuanatrigo.com\/fr\/aviso-legal\/#breadcrumb\",\"itemListElement\":[{\"@type\":\"ListItem\",\"position\":1,\"name\":\"Portada\",\"item\":\"https:\/\/alfarerosdejuanatrigo.com\/fr\/\"},{\"@type\":\"ListItem\",\"position\":2,\"name\":\"(fr) Aviso Legal\"}]},{\"@type\":\"WebSite\",\"@id\":\"https:\/\/alfarerosdejuanatrigo.com\/#website\",\"url\":\"https:\/\/alfarerosdejuanatrigo.com\/\",\"name\":\"Alfareros de Juana Trigo\",\"description\":\"Otro sitio realizado con WordPress\",\"publisher\":{\"@id\":\"https:\/\/alfarerosdejuanatrigo.com\/#organization\"},\"potentialAction\":[{\"@type\":\"SearchAction\",\"target\":{\"@type\":\"EntryPoint\",\"urlTemplate\":\"https:\/\/alfarerosdejuanatrigo.com\/?s={search_term_string}\"},\"query-input\":\"required name=search_term_string\"}],\"inLanguage\":\"fr-FR\"},{\"@type\":\"Organization\",\"@id\":\"https:\/\/alfarerosdejuanatrigo.com\/#organization\",\"name\":\"Cer\u00e1mica artesanal | Alfareros de Juana Trigo\",\"url\":\"https:\/\/alfarerosdejuanatrigo.com\/\",\"logo\":{\"@type\":\"ImageObject\",\"inLanguage\":\"fr-FR\",\"@id\":\"https:\/\/alfarerosdejuanatrigo.com\/#\/schema\/logo\/image\/\",\"url\":\"https:\/\/alfarerosdejuanatrigo.com\/wp-content\/uploads\/2021\/11\/Logo-negro.png\",\"contentUrl\":\"https:\/\/alfarerosdejuanatrigo.com\/wp-content\/uploads\/2021\/11\/Logo-negro.png\",\"width\":1980,\"height\":614,\"caption\":\"Cer\u00e1mica artesanal | Alfareros de Juana Trigo\"},\"image\":{\"@id\":\"https:\/\/alfarerosdejuanatrigo.com\/#\/schema\/logo\/image\/\"}}]}<\/script>\n<!-- \/ Yoast SEO plugin. -->","yoast_head_json":{"title":"(fr) Aviso Legal - Alfareros de Juana Trigo","robots":{"index":"index","follow":"follow","max-snippet":"max-snippet:-1","max-image-preview":"max-image-preview:large","max-video-preview":"max-video-preview:-1"},"canonical":"https:\/\/alfarerosdejuanatrigo.com\/fr\/aviso-legal\/","og_locale":"fr_FR","og_type":"article","og_title":"(fr) Aviso Legal - Alfareros de Juana Trigo","og_description":"Titularidad y propiedad intelectual. Alfareros de Juana Trigo, empresa cuyo domicilio fiscal y sede central se encuentra en Bail\u00e9n (C.P. 23710), Ja\u00e9n, Espa\u00f1a, en el Pol\u00edgono industrial Valderrepisos, C\/Escipi\u00f3n, S\/N y con C.I.F. B-26219620, es la titular y responsable del sitio web www.alfarerosdejuanatrigo.com. La empresa ostenta todos los derechos sobre el contenido, dise\u00f1o y c\u00f3digo [...]","og_url":"https:\/\/alfarerosdejuanatrigo.com\/fr\/aviso-legal\/","og_site_name":"Alfareros de Juana Trigo","article_modified_time":"2022-02-04T16:01:15+00:00","twitter_card":"summary_large_image","schema":{"@context":"https:\/\/schema.org","@graph":[{"@type":"WebPage","@id":"https:\/\/alfarerosdejuanatrigo.com\/fr\/aviso-legal\/","url":"https:\/\/alfarerosdejuanatrigo.com\/fr\/aviso-legal\/","name":"(fr) Aviso Legal - Alfareros de Juana Trigo","isPartOf":{"@id":"https:\/\/alfarerosdejuanatrigo.com\/#website"},"datePublished":"2022-02-04T15:58:23+00:00","dateModified":"2022-02-04T16:01:15+00:00","breadcrumb":{"@id":"https:\/\/alfarerosdejuanatrigo.com\/fr\/aviso-legal\/#breadcrumb"},"inLanguage":"fr-FR","potentialAction":[{"@type":"ReadAction","target":["https:\/\/alfarerosdejuanatrigo.com\/fr\/aviso-legal\/"]}]},{"@type":"BreadcrumbList","@id":"https:\/\/alfarerosdejuanatrigo.com\/fr\/aviso-legal\/#breadcrumb","itemListElement":[{"@type":"ListItem","position":1,"name":"Portada","item":"https:\/\/alfarerosdejuanatrigo.com\/fr\/"},{"@type":"ListItem","position":2,"name":"(fr) Aviso Legal"}]},{"@type":"WebSite","@id":"https:\/\/alfarerosdejuanatrigo.com\/#website","url":"https:\/\/alfarerosdejuanatrigo.com\/","name":"Alfareros de Juana Trigo","description":"Otro sitio realizado con WordPress","publisher":{"@id":"https:\/\/alfarerosdejuanatrigo.com\/#organization"},"potentialAction":[{"@type":"SearchAction","target":{"@type":"EntryPoint","urlTemplate":"https:\/\/alfarerosdejuanatrigo.com\/?s={search_term_string}"},"query-input":"required name=search_term_string"}],"inLanguage":"fr-FR"},{"@type":"Organization","@id":"https:\/\/alfarerosdejuanatrigo.com\/#organization","name":"Cer\u00e1mica artesanal | Alfareros de Juana Trigo","url":"https:\/\/alfarerosdejuanatrigo.com\/","logo":{"@type":"ImageObject","inLanguage":"fr-FR","@id":"https:\/\/alfarerosdejuanatrigo.com\/#\/schema\/logo\/image\/","url":"https:\/\/alfarerosdejuanatrigo.com\/wp-content\/uploads\/2021\/11\/Logo-negro.png","contentUrl":"https:\/\/alfarerosdejuanatrigo.com\/wp-content\/uploads\/2021\/11\/Logo-negro.png","width":1980,"height":614,"caption":"Cer\u00e1mica artesanal | Alfareros de Juana Trigo"},"image":{"@id":"https:\/\/alfarerosdejuanatrigo.com\/#\/schema\/logo\/image\/"}}]}},"_links":{"self":[{"href":"https:\/\/alfarerosdejuanatrigo.com\/fr\/wp-json\/wp\/v2\/pages\/1724","targetHints":{"allow":["GET"]}}],"collection":[{"href":"https:\/\/alfarerosdejuanatrigo.com\/fr\/wp-json\/wp\/v2\/pages"}],"about":[{"href":"https:\/\/alfarerosdejuanatrigo.com\/fr\/wp-json\/wp\/v2\/types\/page"}],"author":[{"embeddable":true,"href":"https:\/\/alfarerosdejuanatrigo.com\/fr\/wp-json\/wp\/v2\/users\/1"}],"replies":[{"embeddable":true,"href":"https:\/\/alfarerosdejuanatrigo.com\/fr\/wp-json\/wp\/v2\/comments?post=1724"}],"version-history":[{"count":1,"href":"https:\/\/alfarerosdejuanatrigo.com\/fr\/wp-json\/wp\/v2\/pages\/1724\/revisions"}],"predecessor-version":[{"id":1726,"href":"https:\/\/alfarerosdejuanatrigo.com\/fr\/wp-json\/wp\/v2\/pages\/1724\/revisions\/1726"}],"wp:attachment":[{"href":"https:\/\/alfarerosdejuanatrigo.com\/fr\/wp-json\/wp\/v2\/media?parent=1724"}],"curies":[{"name":"wp","href":"https:\/\/api.w.org\/{rel}","templated":true}]}}